{"id":1277,"date":"2022-10-11T20:19:51","date_gmt":"2022-10-11T18:19:51","guid":{"rendered":"http:\/\/design.ein-laecheln-fuer-ghana.de\/?page_id=1277"},"modified":"2024-01-05T17:45:59","modified_gmt":"2024-01-05T16:45:59","slug":"satzung","status":"publish","type":"page","link":"https:\/\/ein-laecheln-fuer-ghana.de\/en\/satzung","title":{"rendered":"Statutes"},"content":{"rendered":"<div data-elementor-type=\"wp-page\" data-elementor-id=\"1277\" class=\"elementor elementor-1277\">\n\t\t\t\t\t\t<section class=\"elementor-section elementor-top-section elementor-element elementor-element-46bcb344 elementor-section-height-min-height elementor-section-boxed elementor-section-height-default elementor-section-items-middle wpr-particle-no wpr-jarallax-no wpr-parallax-no wpr-sticky-section-no\" data-id=\"46bcb344\" data-element_type=\"section\" data-e-type=\"section\" data-settings=\"{&quot;background_background&quot;:&quot;classic&quot;,&quot;shape_divider_bottom&quot;:&quot;waves&quot;}\">\n\t\t\t\t\t<div class=\"elementor-shape elementor-shape-bottom\" aria-hidden=\"true\" data-negative=\"false\">\n\t\t\t<svg xmlns=\"http:\/\/www.w3.org\/2000\/svg\" viewbox=\"0 0 1000 100\" preserveaspectratio=\"none\">\n\t<path class=\"elementor-shape-fill\" d=\"M421.9,6.5c22.6-2.5,51.5,0.4,75.5,5.3c23.6,4.9,70.9,23.5,100.5,35.7c75.8,32.2,133.7,44.5,192.6,49.7\tc23.6,2.1,48.7,3.5,103.4-2.5c54.7-6,106.2-25.6,106.2-25.6V0H0v30.3c0,0,72,32.6,158.4,30.5c39.2-0.7,92.8-6.7,134-22.4\tc21.2-8.1,52.2-18.2,79.7-24.2C399.3,7.9,411.6,7.5,421.9,6.5z\"\/>\n<\/svg>\t\t<\/div>\n\t\t\t\t\t<div class=\"elementor-container elementor-column-gap-default\">\n\t\t\t\t\t<div class=\"elementor-column elementor-col-100 elementor-top-column elementor-element elementor-element-51befbad\" data-id=\"51befbad\" data-element_type=\"column\" data-e-type=\"column\">\n\t\t\t<div class=\"elementor-widget-wrap elementor-element-populated\">\n\t\t\t\t\t\t<div class=\"elementor-element elementor-element-3d498e79 elementor-widget elementor-widget-heading\" data-id=\"3d498e79\" data-element_type=\"widget\" data-e-type=\"widget\" data-widget_type=\"heading.default\">\n\t\t\t\t<div class=\"elementor-widget-container\">\n\t\t\t\t\t<h1 class=\"elementor-heading-title elementor-size-default\">Statutes<\/h1>\t\t\t\t<\/div>\n\t\t\t\t<\/div>\n\t\t\t\t\t<\/div>\n\t\t<\/div>\n\t\t\t\t\t<\/div>\n\t\t<\/section>\n\t\t\t\t<section class=\"elementor-section elementor-top-section elementor-element elementor-element-5cd46b0 elementor-section-boxed elementor-section-height-default elementor-section-height-default wpr-particle-no wpr-jarallax-no wpr-parallax-no wpr-sticky-section-no\" data-id=\"5cd46b0\" data-element_type=\"section\" data-e-type=\"section\">\n\t\t\t\t\t\t<div class=\"elementor-container elementor-column-gap-default\">\n\t\t\t\t\t<div class=\"elementor-column elementor-col-100 elementor-top-column elementor-element elementor-element-5e283e8\" data-id=\"5e283e8\" data-element_type=\"column\" data-e-type=\"column\">\n\t\t\t<div class=\"elementor-widget-wrap elementor-element-populated\">\n\t\t\t\t\t\t<div class=\"elementor-element elementor-element-1970a16 elementor-widget elementor-widget-spacer\" data-id=\"1970a16\" data-element_type=\"widget\" data-e-type=\"widget\" data-widget_type=\"spacer.default\">\n\t\t\t\t<div class=\"elementor-widget-container\">\n\t\t\t\t\t\t\t<div class=\"elementor-spacer\">\n\t\t\t<div class=\"elementor-spacer-inner\"><\/div>\n\t\t<\/div>\n\t\t\t\t\t\t<\/div>\n\t\t\t\t<\/div>\n\t\t\t\t\t<\/div>\n\t\t<\/div>\n\t\t\t\t\t<\/div>\n\t\t<\/section>\n\t\t\t\t<section class=\"elementor-section elementor-top-section elementor-element elementor-element-08646d5 elementor-section-boxed elementor-section-height-default elementor-section-height-default wpr-particle-no wpr-jarallax-no wpr-parallax-no wpr-sticky-section-no\" data-id=\"08646d5\" data-element_type=\"section\" data-e-type=\"section\">\n\t\t\t\t\t\t<div class=\"elementor-container elementor-column-gap-default\">\n\t\t\t\t\t<div class=\"elementor-column elementor-col-100 elementor-top-column elementor-element elementor-element-3e72a19\" data-id=\"3e72a19\" data-element_type=\"column\" data-e-type=\"column\">\n\t\t\t<div class=\"elementor-widget-wrap elementor-element-populated\">\n\t\t\t\t\t\t<div class=\"elementor-element elementor-element-52a4cff elementor-widget elementor-widget-heading\" data-id=\"52a4cff\" data-element_type=\"widget\" data-e-type=\"widget\" data-widget_type=\"heading.default\">\n\t\t\t\t<div class=\"elementor-widget-container\">\n\t\t\t\t\t<h2 class=\"elementor-heading-title elementor-size-default\">Vereinssatzung<\/h2>\t\t\t\t<\/div>\n\t\t\t\t<\/div>\n\t\t\t\t<div class=\"elementor-element elementor-element-d8fe86a elementor-widget elementor-widget-text-editor\" data-id=\"d8fe86a\" data-element_type=\"widget\" data-e-type=\"widget\" data-widget_type=\"text-editor.default\">\n\t\t\t\t<div class=\"elementor-widget-container\">\n\t\t\t\t\t\t\t\t\tVereinsgr\u00fcndung am 06.07.2015 in M\u00fclheim an der Ruhr, Haus Ruhrgarten, Mendener Str. 106\t\t\t\t\t\t\t\t<\/div>\n\t\t\t\t<\/div>\n\t\t\t\t\t<\/div>\n\t\t<\/div>\n\t\t\t\t\t<\/div>\n\t\t<\/section>\n\t\t\t\t<section class=\"elementor-section elementor-top-section elementor-element elementor-element-e5f4a30 elementor-section-boxed elementor-section-height-default elementor-section-height-default wpr-particle-no wpr-jarallax-no wpr-parallax-no wpr-sticky-section-no\" data-id=\"e5f4a30\" data-element_type=\"section\" data-e-type=\"section\">\n\t\t\t\t\t\t<div class=\"elementor-container elementor-column-gap-default\">\n\t\t\t\t\t<div class=\"elementor-column elementor-col-100 elementor-top-column elementor-element elementor-element-24c28d5\" data-id=\"24c28d5\" data-element_type=\"column\" data-e-type=\"column\">\n\t\t\t<div class=\"elementor-widget-wrap elementor-element-populated\">\n\t\t\t\t\t\t<div class=\"elementor-element elementor-element-9b1a6c0 elementor-widget elementor-widget-heading\" data-id=\"9b1a6c0\" data-element_type=\"widget\" data-e-type=\"widget\" data-widget_type=\"heading.default\">\n\t\t\t\t<div class=\"elementor-widget-container\">\n\t\t\t\t\t<h3 class=\"elementor-heading-title elementor-size-default\">\u00a7 1 Name und Sitz<\/h3>\t\t\t\t<\/div>\n\t\t\t\t<\/div>\n\t\t\t\t<div class=\"elementor-element elementor-element-a955afb elementor-widget elementor-widget-text-editor\" data-id=\"a955afb\" data-element_type=\"widget\" data-e-type=\"widget\" data-widget_type=\"text-editor.default\">\n\t\t\t\t<div class=\"elementor-widget-container\">\n\t\t\t\t\t\t\t\t\t<p style=\"text-align: left;\">Der Verein soll in das Vereinsregister eingetragen werden und hei\u00dft dann<\/p><p style=\"text-align: left;\"><em>A Smile for Ghana e.V.<\/em><\/p><p>Er hat seinen Sitz in M\u00fclheim an der Ruhr:<\/p><p><strong><em>A Smile for Ghana e.V.<\/em><\/strong><br \/><em>c\/o Kofi Akoto<\/em><br \/><em>Bruchstr. 29<\/em><br \/><em>454699 M\u00fclheim<\/em><\/p><p>Gesch\u00e4ftsjahr ist das Kalenderjahr.<\/p>\t\t\t\t\t\t\t\t<\/div>\n\t\t\t\t<\/div>\n\t\t\t\t\t<\/div>\n\t\t<\/div>\n\t\t\t\t\t<\/div>\n\t\t<\/section>\n\t\t\t\t<section class=\"elementor-section elementor-top-section elementor-element elementor-element-d09e6ae elementor-section-boxed elementor-section-height-default elementor-section-height-default wpr-particle-no wpr-jarallax-no wpr-parallax-no wpr-sticky-section-no\" data-id=\"d09e6ae\" data-element_type=\"section\" data-e-type=\"section\">\n\t\t\t\t\t\t<div class=\"elementor-container elementor-column-gap-default\">\n\t\t\t\t\t<div class=\"elementor-column elementor-col-100 elementor-top-column elementor-element elementor-element-c8f21d5\" data-id=\"c8f21d5\" data-element_type=\"column\" data-e-type=\"column\">\n\t\t\t<div class=\"elementor-widget-wrap elementor-element-populated\">\n\t\t\t\t\t\t<div class=\"elementor-element elementor-element-f5c1f9d elementor-widget elementor-widget-heading\" data-id=\"f5c1f9d\" data-element_type=\"widget\" data-e-type=\"widget\" data-widget_type=\"heading.default\">\n\t\t\t\t<div class=\"elementor-widget-container\">\n\t\t\t\t\t<h3 class=\"elementor-heading-title elementor-size-default\">\u00a7 Vereinszweck<\/h3>\t\t\t\t<\/div>\n\t\t\t\t<\/div>\n\t\t\t\t<div class=\"elementor-element elementor-element-70dbea9 elementor-widget elementor-widget-text-editor\" data-id=\"70dbea9\" data-element_type=\"widget\" data-e-type=\"widget\" data-widget_type=\"text-editor.default\">\n\t\t\t\t<div class=\"elementor-widget-container\">\n\t\t\t\t\t\t\t\t\t<p>Der Verein verfolgt ausschlie\u00dflich und unmittelbar gemeinn\u00fctzige Zwecke im Sinne des Abschnitts &#8222;Steuerbeg\u00fcnstigte Zwecke&#8220; der Abgabenordnung.\u00a0<\/p><p><strong>Zweck des Vereins ist die F\u00f6rderung der Jugend- und Altenhilfe und die F\u00f6rderung der Erziehung, Volks- und Berufsbildung.<\/strong><\/p><p><strong>Der Satzungszweck wird verwirklicht insbesondere durch Sammlung von Hilfsg\u00fcter, Sach- und Geldspenden. Diese dienen der Unterst\u00fctzung von \u00e4lteren Menschen sowie Kindern und Jugendlichen in Ghana, besonders in der Region Kumasi; insbesondere der <em>Peace And Love International School<\/em> (Kumasi).<\/strong><\/p>\t\t\t\t\t\t\t\t<\/div>\n\t\t\t\t<\/div>\n\t\t\t\t\t<\/div>\n\t\t<\/div>\n\t\t\t\t\t<\/div>\n\t\t<\/section>\n\t\t\t\t<section class=\"elementor-section elementor-top-section elementor-element elementor-element-be11788 elementor-section-boxed elementor-section-height-default elementor-section-height-default wpr-particle-no wpr-jarallax-no wpr-parallax-no wpr-sticky-section-no\" data-id=\"be11788\" data-element_type=\"section\" data-e-type=\"section\">\n\t\t\t\t\t\t<div class=\"elementor-container elementor-column-gap-default\">\n\t\t\t\t\t<div class=\"elementor-column elementor-col-100 elementor-top-column elementor-element elementor-element-acf2b06\" data-id=\"acf2b06\" data-element_type=\"column\" data-e-type=\"column\">\n\t\t\t<div class=\"elementor-widget-wrap elementor-element-populated\">\n\t\t\t\t\t\t<div class=\"elementor-element elementor-element-1878621 elementor-widget elementor-widget-heading\" data-id=\"1878621\" data-element_type=\"widget\" data-e-type=\"widget\" data-widget_type=\"heading.default\">\n\t\t\t\t<div class=\"elementor-widget-container\">\n\t\t\t\t\t<h3 class=\"elementor-heading-title elementor-size-default\">\u00a7 3 Selbstlosigkeit<\/h3>\t\t\t\t<\/div>\n\t\t\t\t<\/div>\n\t\t\t\t<div class=\"elementor-element elementor-element-1996575 elementor-widget elementor-widget-text-editor\" data-id=\"1996575\" data-element_type=\"widget\" data-e-type=\"widget\" data-widget_type=\"text-editor.default\">\n\t\t\t\t<div class=\"elementor-widget-container\">\n\t\t\t\t\t\t\t\t\t<p>Der Verein ist selbstlos t\u00e4tig; er verfolgt nicht in erster Linie eigenwirtschaftliche Zwecke. Mittel des Vereins d\u00fcrfen nur f\u00fcr die satzungsm\u00e4\u00dfigen Zwecke verwendet werden. Die Mitglieder erhalten keine Zuwendungen aus Mitteln des Vereins.<\/p><p>Es darf keine Person durch Ausgaben, die dem Zweck der K\u00f6rperschaft fremd sind oder durch unverh\u00e4ltnism\u00e4\u00dfig hohe Verg\u00fctungen beg\u00fcnstigt werden.<\/p>\t\t\t\t\t\t\t\t<\/div>\n\t\t\t\t<\/div>\n\t\t\t\t\t<\/div>\n\t\t<\/div>\n\t\t\t\t\t<\/div>\n\t\t<\/section>\n\t\t\t\t<section class=\"elementor-section elementor-top-section elementor-element elementor-element-65dd6e6 elementor-section-boxed elementor-section-height-default elementor-section-height-default wpr-particle-no wpr-jarallax-no wpr-parallax-no wpr-sticky-section-no\" data-id=\"65dd6e6\" data-element_type=\"section\" data-e-type=\"section\">\n\t\t\t\t\t\t<div class=\"elementor-container elementor-column-gap-default\">\n\t\t\t\t\t<div class=\"elementor-column elementor-col-100 elementor-top-column elementor-element elementor-element-74402d4\" data-id=\"74402d4\" data-element_type=\"column\" data-e-type=\"column\">\n\t\t\t<div class=\"elementor-widget-wrap elementor-element-populated\">\n\t\t\t\t\t\t<div class=\"elementor-element elementor-element-166d260 elementor-widget elementor-widget-heading\" data-id=\"166d260\" data-element_type=\"widget\" data-e-type=\"widget\" data-widget_type=\"heading.default\">\n\t\t\t\t<div class=\"elementor-widget-container\">\n\t\t\t\t\t<h3 class=\"elementor-heading-title elementor-size-default\">\u00a7 4 Mitgliedschaft<\/h3>\t\t\t\t<\/div>\n\t\t\t\t<\/div>\n\t\t\t\t<div class=\"elementor-element elementor-element-76c64c2 elementor-widget elementor-widget-text-editor\" data-id=\"76c64c2\" data-element_type=\"widget\" data-e-type=\"widget\" data-widget_type=\"text-editor.default\">\n\t\t\t\t<div class=\"elementor-widget-container\">\n\t\t\t\t\t\t\t\t\t<p>Mitglied kann jede vollj\u00e4hrige nat\u00fcrliche oder juristische Person\u00a0 werden. Dem schriftlichen Aufnahmeantrag kann der Vorstand innerhalb eines Monats widersprechen.<\/p><p>Die Mitgliedschaft endet mit Tod, Austritt oder Ausschluss aus dem Verein.<\/p><p>Der Austritt kann nur zum Ende eines Kalenderjahres erfolgen und muss 3 Monate vor dem Jahresende schriftlich mitgeteilt bekommen.<\/p><p>Es werden Mitgliedsbeitr\u00e4ge erhoben. \u00dcber die F\u00e4lligkeit und H\u00f6he entscheidet die Mitgliederversammlung.<\/p><p>Bei groben Verletzungen der Vereinspflichten, z.B. Nichtzahlung des Mitgliedsbeitrags trotz einmaliger Mahnung, kann der Vorstand den Ausschluss eines Mitglieds beschlie\u00dfen.<\/p>\t\t\t\t\t\t\t\t<\/div>\n\t\t\t\t<\/div>\n\t\t\t\t\t<\/div>\n\t\t<\/div>\n\t\t\t\t\t<\/div>\n\t\t<\/section>\n\t\t\t\t<section class=\"elementor-section elementor-top-section elementor-element elementor-element-8293955 elementor-section-boxed elementor-section-height-default elementor-section-height-default wpr-particle-no wpr-jarallax-no wpr-parallax-no wpr-sticky-section-no\" data-id=\"8293955\" data-element_type=\"section\" data-e-type=\"section\">\n\t\t\t\t\t\t<div class=\"elementor-container elementor-column-gap-default\">\n\t\t\t\t\t<div class=\"elementor-column elementor-col-100 elementor-top-column elementor-element elementor-element-51c8506\" data-id=\"51c8506\" data-element_type=\"column\" data-e-type=\"column\">\n\t\t\t<div class=\"elementor-widget-wrap elementor-element-populated\">\n\t\t\t\t\t\t<div class=\"elementor-element elementor-element-0d35c9b elementor-widget elementor-widget-heading\" data-id=\"0d35c9b\" data-element_type=\"widget\" data-e-type=\"widget\" data-widget_type=\"heading.default\">\n\t\t\t\t<div class=\"elementor-widget-container\">\n\t\t\t\t\t<h3 class=\"elementor-heading-title elementor-size-default\">\u00a7 5 Mitgliederversammlung<\/h3>\t\t\t\t<\/div>\n\t\t\t\t<\/div>\n\t\t\t\t<div class=\"elementor-element elementor-element-34d4b0d elementor-widget elementor-widget-text-editor\" data-id=\"34d4b0d\" data-element_type=\"widget\" data-e-type=\"widget\" data-widget_type=\"text-editor.default\">\n\t\t\t\t<div class=\"elementor-widget-container\">\n\t\t\t\t\t\t\t\t\t<p>Die Mitgliederversammlung ist beschlussf\u00e4hig, wenn sie ordnungsgem\u00e4\u00df einberufen wurde.<\/p><p>Sie fasst mit der einfachen Mehrheit der anwesenden Mitglieder Beschl\u00fcsse.<\/p><p>Satzungs\u00e4nderungen, eine \u00c4nderung des Vereinszwecks sowie eine Aufl\u00f6sung des Vereins bed\u00fcrfen einer 2\/3 Mehrheit der anwesenden Mitglieder. Mitglieder, die sich der Stimme enthalten, werden behandelt wie nicht erschienene.<\/p><p>Die Beschl\u00fcsse der Mitgliederversammlung werden protokolliert.<\/p><p>Aufgaben der Mitgliederversammlung:<\/p><ul><li>Bestimmung der Anzahl, Wahl, Abberufung und Entlastung des Vorstands<\/li><li>Entgegennahme des Jahresberichts des Vorstands und Beschlussfassung \u00fcber den Vereinshaushalt<\/li><li>Satzungs\u00e4nderungen, \u00c4nderungen des Vereinszwecks und Aufl\u00f6sung des Vereins<\/li><li>Bestimmung der Anzahl und Wahl der Revisoren sowie Entgegennahme deren Berichts<\/li><\/ul><p>Von den Mitgliederversammlungen werden Protokolle gefertigt, die jeweils vom Versammlungsleiter\/der Versammlungsleiterin oder dem\/der Vorsitzenden zu unterschreiben sind.<\/p>\t\t\t\t\t\t\t\t<\/div>\n\t\t\t\t<\/div>\n\t\t\t\t\t<\/div>\n\t\t<\/div>\n\t\t\t\t\t<\/div>\n\t\t<\/section>\n\t\t\t\t<section class=\"elementor-section elementor-top-section elementor-element elementor-element-b2f8616 elementor-section-boxed elementor-section-height-default elementor-section-height-default wpr-particle-no wpr-jarallax-no wpr-parallax-no wpr-sticky-section-no\" data-id=\"b2f8616\" data-element_type=\"section\" data-e-type=\"section\">\n\t\t\t\t\t\t<div class=\"elementor-container elementor-column-gap-default\">\n\t\t\t\t\t<div class=\"elementor-column elementor-col-100 elementor-top-column elementor-element elementor-element-51ccb07\" data-id=\"51ccb07\" data-element_type=\"column\" data-e-type=\"column\">\n\t\t\t<div class=\"elementor-widget-wrap elementor-element-populated\">\n\t\t\t\t\t\t<div class=\"elementor-element elementor-element-ea1da61 elementor-widget elementor-widget-heading\" data-id=\"ea1da61\" data-element_type=\"widget\" data-e-type=\"widget\" data-widget_type=\"heading.default\">\n\t\t\t\t<div class=\"elementor-widget-container\">\n\t\t\t\t\t<h3 class=\"elementor-heading-title elementor-size-default\">\u00a7 6 Vertretungsberechtigter Vorstand gem. \u00a7 26 BGB<\/h3>\t\t\t\t<\/div>\n\t\t\t\t<\/div>\n\t\t\t\t<div class=\"elementor-element elementor-element-d2f7fcd elementor-widget elementor-widget-text-editor\" data-id=\"d2f7fcd\" data-element_type=\"widget\" data-e-type=\"widget\" data-widget_type=\"text-editor.default\">\n\t\t\t\t<div class=\"elementor-widget-container\">\n\t\t\t\t\t\t\t\t\t<p>Der Vorstand besteht aus dem ersten und dem zweiten Vorsitzenden. Jedes Vorstandsmitglied ist einzeln zur Vertretung des Vereins berechtigt.<\/p>\t\t\t\t\t\t\t\t<\/div>\n\t\t\t\t<\/div>\n\t\t\t\t\t<\/div>\n\t\t<\/div>\n\t\t\t\t\t<\/div>\n\t\t<\/section>\n\t\t\t\t<section class=\"elementor-section elementor-top-section elementor-element elementor-element-a5dbb27 elementor-section-boxed elementor-section-height-default elementor-section-height-default wpr-particle-no wpr-jarallax-no wpr-parallax-no wpr-sticky-section-no\" data-id=\"a5dbb27\" data-element_type=\"section\" data-e-type=\"section\">\n\t\t\t\t\t\t<div class=\"elementor-container elementor-column-gap-default\">\n\t\t\t\t\t<div class=\"elementor-column elementor-col-100 elementor-top-column elementor-element elementor-element-5ee51a2\" data-id=\"5ee51a2\" data-element_type=\"column\" data-e-type=\"column\">\n\t\t\t<div class=\"elementor-widget-wrap elementor-element-populated\">\n\t\t\t\t\t\t<div class=\"elementor-element elementor-element-3d9ee58 elementor-widget elementor-widget-heading\" data-id=\"3d9ee58\" data-element_type=\"widget\" data-e-type=\"widget\" data-widget_type=\"heading.default\">\n\t\t\t\t<div class=\"elementor-widget-container\">\n\t\t\t\t\t<h3 class=\"elementor-heading-title elementor-size-default\">\u00a7 7 Gesch\u00e4ftsf\u00fchrender Vorstand\/Beirat<\/h3>\t\t\t\t<\/div>\n\t\t\t\t<\/div>\n\t\t\t\t<div class=\"elementor-element elementor-element-66da1a0 elementor-widget elementor-widget-text-editor\" data-id=\"66da1a0\" data-element_type=\"widget\" data-e-type=\"widget\" data-widget_type=\"text-editor.default\">\n\t\t\t\t<div class=\"elementor-widget-container\">\n\t\t\t\t\t\t\t\t\t<p>Die Mitgliederversammlung beschlie\u00dft, ob und in welcher Anzahl weitere gesch\u00e4ftsf\u00fchrende, nicht vertretungsberechtigte Vorstandsmitglieder gew\u00e4hlt werden.<\/p><p>Der Vorstand ist f\u00fcr alle Vereinsangelegenheiten zust\u00e4ndig, die nicht durch Satzung ausdr\u00fccklich der Mitgliederversammlung zugewiesen sind.<\/p><p>Er fasst Beschl\u00fcsse mit einfacher Mehrheit, hier\u00fcber werden schriftliche Protokolle angefertigt. Der Vorstand ist beschlussf\u00e4hig, wenn mindestens zwei Vorstandsmitglieder anwesend sind, hiervon mindestens eines der vertretungsberechtigten Vorstandsmitglieder.<\/p><p>Die einzelvertretungsberechtigten Vorstandsmitglieder sind an die Mehrheitsbeschl\u00fcsse des Vorstands gebunden.<\/p><p>Der Vorstand wird f\u00fcr die Dauer von 2 Jahren gew\u00e4hlt. Der Vorstand bleibt bis zur Wahl eines neuen Vorstands im Amt.<\/p><p>Vorstandsmitglieder d\u00fcrfen f\u00fcr Ihre T\u00e4tigkeit eine angemessene Verg\u00fctung erhalten.<\/p><p>Der Vorstand ist berechtigt, eine\/n Gesch\u00e4ftsf\u00fchrer\/in mit der Erledigung der laufenden Vereinsgesch\u00e4fte zu betrauen.<\/p><p>Der Vorstand l\u00e4dt schriftlich (dies kann auch per E-Mail erfolgen) zwei Wochen im Voraus mindestens einmal im Jahr zur Mitgliederversammlung ein. Dabei ist die vom Vorstand festgesetzte Tagesordnung mitzuteilen.<\/p><p>Stehen der Eintragung im Vereinsregister oder der Anerkennung der Gemeinn\u00fctzigkeit durch das zust\u00e4ndige Finanzamt bestimmte Satzungsinhalte entgegen, ist der Vorstand berechtigt, entsprechende \u00c4nderungen eigenst\u00e4ndig durchzuf\u00fchren.<\/p>\t\t\t\t\t\t\t\t<\/div>\n\t\t\t\t<\/div>\n\t\t\t\t\t<\/div>\n\t\t<\/div>\n\t\t\t\t\t<\/div>\n\t\t<\/section>\n\t\t\t\t<section class=\"elementor-section elementor-top-section elementor-element elementor-element-a493112 elementor-section-boxed elementor-section-height-default elementor-section-height-default wpr-particle-no wpr-jarallax-no wpr-parallax-no wpr-sticky-section-no\" data-id=\"a493112\" data-element_type=\"section\" data-e-type=\"section\">\n\t\t\t\t\t\t<div class=\"elementor-container elementor-column-gap-default\">\n\t\t\t\t\t<div class=\"elementor-column elementor-col-100 elementor-top-column elementor-element elementor-element-9efa8b1\" data-id=\"9efa8b1\" data-element_type=\"column\" data-e-type=\"column\">\n\t\t\t<div class=\"elementor-widget-wrap elementor-element-populated\">\n\t\t\t\t\t\t<div class=\"elementor-element elementor-element-bc0f3b0 elementor-widget elementor-widget-heading\" data-id=\"bc0f3b0\" data-element_type=\"widget\" data-e-type=\"widget\" data-widget_type=\"heading.default\">\n\t\t\t\t<div class=\"elementor-widget-container\">\n\t\t\t\t\t<h3 class=\"elementor-heading-title elementor-size-default\">\u00a7 8 Revision<\/h3>\t\t\t\t<\/div>\n\t\t\t\t<\/div>\n\t\t\t\t<div class=\"elementor-element elementor-element-ff563fb elementor-widget elementor-widget-text-editor\" data-id=\"ff563fb\" data-element_type=\"widget\" data-e-type=\"widget\" data-widget_type=\"text-editor.default\">\n\t\t\t\t<div class=\"elementor-widget-container\">\n\t\t\t\t\t\t\t\t\t<p>Die Mitgliederversammlung w\u00e4hlt mindestens eine\/n Revisor\/in. Die Aufgaben sind die Rechnungspr\u00fcfung und die \u00dcberpr\u00fcfung der Einhaltung der Satzungsvorgaben und die Vereinsbeschl\u00fcsse.<\/p>\t\t\t\t\t\t\t\t<\/div>\n\t\t\t\t<\/div>\n\t\t\t\t\t<\/div>\n\t\t<\/div>\n\t\t\t\t\t<\/div>\n\t\t<\/section>\n\t\t\t\t<section class=\"elementor-section elementor-top-section elementor-element elementor-element-38fa551 elementor-section-boxed elementor-section-height-default elementor-section-height-default wpr-particle-no wpr-jarallax-no wpr-parallax-no wpr-sticky-section-no\" data-id=\"38fa551\" data-element_type=\"section\" data-e-type=\"section\">\n\t\t\t\t\t\t<div class=\"elementor-container elementor-column-gap-default\">\n\t\t\t\t\t<div class=\"elementor-column elementor-col-100 elementor-top-column elementor-element elementor-element-7d41eb2\" data-id=\"7d41eb2\" data-element_type=\"column\" data-e-type=\"column\">\n\t\t\t<div class=\"elementor-widget-wrap elementor-element-populated\">\n\t\t\t\t\t\t<div class=\"elementor-element elementor-element-7e781c7 elementor-widget elementor-widget-heading\" data-id=\"7e781c7\" data-element_type=\"widget\" data-e-type=\"widget\" data-widget_type=\"heading.default\">\n\t\t\t\t<div class=\"elementor-widget-container\">\n\t\t\t\t\t<h3 class=\"elementor-heading-title elementor-size-default\">\u00a7 9 Aufl\u00f6sung \/ Wegfall des steuerbeg\u00fcnstigten Zwecks<\/h3>\t\t\t\t<\/div>\n\t\t\t\t<\/div>\n\t\t\t\t<div class=\"elementor-element elementor-element-52bc66a elementor-widget elementor-widget-text-editor\" data-id=\"52bc66a\" data-element_type=\"widget\" data-e-type=\"widget\" data-widget_type=\"text-editor.default\">\n\t\t\t\t<div class=\"elementor-widget-container\">\n\t\t\t\t\t\t\t\t\t<p>Bei Aufl\u00f6sung des Vereins oder bei Wegfall steuerbeg\u00fcnstigter Zwecke f\u00e4llt das Verm\u00f6gen des Vereins an den<\/p><p><strong>DRK Kreisverband<\/strong><br \/>M\u00fclheim a.d. Ruhr e.V.<br \/>L\u00f6hstr.18<br \/>45468 M\u00fchlheim<\/p><p>Telefon: +49 208 45006-0<br \/>Fax: +49 208 45006-11<\/p><p>E-Mail: kv@drk-muelheim.de<\/p><p><strong>der es unmittelbar ausschlie\u00dflich f\u00fcr gemeinn\u00fctzige Zwecke zu verwenden hat.<\/strong><\/p>\t\t\t\t\t\t\t\t<\/div>\n\t\t\t\t<\/div>\n\t\t\t\t\t<\/div>\n\t\t<\/div>\n\t\t\t\t\t<\/div>\n\t\t<\/section>\n\t\t\t\t<section class=\"elementor-section elementor-top-section elementor-element elementor-element-097ab1d elementor-section-boxed elementor-section-height-default elementor-section-height-default wpr-particle-no wpr-jarallax-no wpr-parallax-no wpr-sticky-section-no\" data-id=\"097ab1d\" data-element_type=\"section\" data-e-type=\"section\">\n\t\t\t\t\t\t<div class=\"elementor-container elementor-column-gap-default\">\n\t\t\t\t\t<div class=\"elementor-column elementor-col-100 elementor-top-column elementor-element elementor-element-cc33d0a\" data-id=\"cc33d0a\" data-element_type=\"column\" data-e-type=\"column\">\n\t\t\t<div class=\"elementor-widget-wrap elementor-element-populated\">\n\t\t\t\t\t\t<div class=\"elementor-element elementor-element-3b420b9 elementor-widget elementor-widget-spacer\" data-id=\"3b420b9\" data-element_type=\"widget\" data-e-type=\"widget\" data-widget_type=\"spacer.default\">\n\t\t\t\t<div class=\"elementor-widget-container\">\n\t\t\t\t\t\t\t<div class=\"elementor-spacer\">\n\t\t\t<div class=\"elementor-spacer-inner\"><\/div>\n\t\t<\/div>\n\t\t\t\t\t\t<\/div>\n\t\t\t\t<\/div>\n\t\t\t\t\t<\/div>\n\t\t<\/div>\n\t\t\t\t\t<\/div>\n\t\t<\/section>\n\t\t\t\t<\/div>","protected":false},"excerpt":{"rendered":"<p>Satzung Vereinssatzung Vereinsgr\u00fcndung am 06.07.2015 in M\u00fclheim an der Ruhr, Haus Ruhrgarten, Mendener Str. 106 \u00a7 1 Name und Sitz Der Verein soll in das Vereinsregister eingetragen werden und hei\u00dft dann Ein L\u00e4cheln f\u00fcr Ghana e.V. Er hat seinen Sitz in M\u00fclheim an der Ruhr: Ein L\u00e4cheln f\u00fcr Ghana e.V.c\/o Kofi AkotoBruchstr. 29454699 M\u00fclheim Gesch\u00e4ftsjahr ist das Kalenderjahr. \u00a7 Vereinszweck Der Verein verfolgt ausschlie\u00dflich und unmittelbar gemeinn\u00fctzige Zwecke im Sinne des Abschnitts &#8222;Steuerbeg\u00fcnstigte Zwecke&#8220; der Abgabenordnung.\u00a0 Zweck des Vereins ist die F\u00f6rderung der Jugend- und Altenhilfe und die F\u00f6rderung der Erziehung, Volks- und Berufsbildung. Der Satzungszweck wird verwirklicht insbesondere durch Sammlung von Hilfsg\u00fcter, Sach- und Geldspenden. Diese dienen der Unterst\u00fctzung von \u00e4lteren Menschen sowie Kindern und Jugendlichen in Ghana, besonders in der Region Kumasi; insbesondere der Peace And Love International School (Kumasi). \u00a7 3 Selbstlosigkeit Der Verein ist selbstlos t\u00e4tig; er verfolgt nicht in erster Linie eigenwirtschaftliche Zwecke. Mittel des Vereins d\u00fcrfen nur f\u00fcr die satzungsm\u00e4\u00dfigen Zwecke verwendet werden. Die Mitglieder erhalten keine Zuwendungen aus Mitteln des Vereins. Es darf keine Person durch Ausgaben, die dem Zweck der K\u00f6rperschaft fremd sind oder durch unverh\u00e4ltnism\u00e4\u00dfig hohe Verg\u00fctungen beg\u00fcnstigt werden. \u00a7 4 Mitgliedschaft Mitglied kann jede vollj\u00e4hrige nat\u00fcrliche oder juristische Person\u00a0 werden. Dem schriftlichen Aufnahmeantrag kann der Vorstand innerhalb eines Monats widersprechen. Die Mitgliedschaft endet mit Tod, Austritt oder Ausschluss aus dem Verein. Der Austritt kann nur zum Ende eines Kalenderjahres erfolgen und muss 3 Monate vor dem Jahresende schriftlich mitgeteilt bekommen. Es werden Mitgliedsbeitr\u00e4ge erhoben. \u00dcber die F\u00e4lligkeit und H\u00f6he entscheidet die Mitgliederversammlung. Bei groben Verletzungen der Vereinspflichten, z.B. Nichtzahlung des Mitgliedsbeitrags trotz einmaliger Mahnung, kann der Vorstand den Ausschluss eines Mitglieds beschlie\u00dfen. \u00a7 5 Mitgliederversammlung Die Mitgliederversammlung ist beschlussf\u00e4hig, wenn sie ordnungsgem\u00e4\u00df einberufen wurde. Sie fasst mit der einfachen Mehrheit der anwesenden Mitglieder Beschl\u00fcsse. Satzungs\u00e4nderungen, eine \u00c4nderung des Vereinszwecks sowie eine Aufl\u00f6sung des Vereins bed\u00fcrfen einer 2\/3 Mehrheit der anwesenden Mitglieder. Mitglieder, die sich der Stimme enthalten, werden behandelt wie nicht erschienene. Die Beschl\u00fcsse der Mitgliederversammlung werden protokolliert. Aufgaben der Mitgliederversammlung: Bestimmung der Anzahl, Wahl, Abberufung und Entlastung des Vorstands Entgegennahme des Jahresberichts des Vorstands und Beschlussfassung \u00fcber den Vereinshaushalt Satzungs\u00e4nderungen, \u00c4nderungen des Vereinszwecks und Aufl\u00f6sung des Vereins Bestimmung der Anzahl und Wahl der Revisoren sowie Entgegennahme deren Berichts Von den Mitgliederversammlungen werden Protokolle gefertigt, die jeweils vom Versammlungsleiter\/der Versammlungsleiterin oder dem\/der Vorsitzenden zu unterschreiben sind. \u00a7 6 Vertretungsberechtigter Vorstand gem. \u00a7 26 BGB Der Vorstand besteht aus dem ersten und dem zweiten Vorsitzenden. Jedes Vorstandsmitglied ist einzeln zur Vertretung des Vereins berechtigt. \u00a7 7 Gesch\u00e4ftsf\u00fchrender Vorstand\/Beirat Die Mitgliederversammlung beschlie\u00dft, ob und in welcher Anzahl weitere gesch\u00e4ftsf\u00fchrende, nicht vertretungsberechtigte Vorstandsmitglieder gew\u00e4hlt werden. Der Vorstand ist f\u00fcr alle Vereinsangelegenheiten zust\u00e4ndig, die nicht durch Satzung ausdr\u00fccklich der Mitgliederversammlung zugewiesen sind. Er fasst Beschl\u00fcsse mit einfacher Mehrheit, hier\u00fcber werden schriftliche Protokolle angefertigt. Der Vorstand ist beschlussf\u00e4hig, wenn mindestens zwei Vorstandsmitglieder anwesend sind, hiervon mindestens eines der vertretungsberechtigten Vorstandsmitglieder. Die einzelvertretungsberechtigten Vorstandsmitglieder sind an die Mehrheitsbeschl\u00fcsse des Vorstands gebunden. Der Vorstand wird f\u00fcr die Dauer von 2 Jahren gew\u00e4hlt. Der Vorstand bleibt bis zur Wahl eines neuen Vorstands im Amt. Vorstandsmitglieder d\u00fcrfen f\u00fcr Ihre T\u00e4tigkeit eine angemessene Verg\u00fctung erhalten. Der Vorstand ist berechtigt, eine\/n Gesch\u00e4ftsf\u00fchrer\/in mit der Erledigung der laufenden Vereinsgesch\u00e4fte zu betrauen. Der Vorstand l\u00e4dt schriftlich (dies kann auch per E-Mail erfolgen) zwei Wochen im Voraus mindestens einmal im Jahr zur Mitgliederversammlung ein. Dabei ist die vom Vorstand festgesetzte Tagesordnung mitzuteilen. Stehen der Eintragung im Vereinsregister oder der Anerkennung der Gemeinn\u00fctzigkeit durch das zust\u00e4ndige Finanzamt bestimmte Satzungsinhalte entgegen, ist der Vorstand berechtigt, entsprechende \u00c4nderungen eigenst\u00e4ndig durchzuf\u00fchren. \u00a7 8 Revision Die Mitgliederversammlung w\u00e4hlt mindestens eine\/n Revisor\/in. Die Aufgaben sind die Rechnungspr\u00fcfung und die \u00dcberpr\u00fcfung der Einhaltung der Satzungsvorgaben und die Vereinsbeschl\u00fcsse. \u00a7 9 Aufl\u00f6sung \/ Wegfall des steuerbeg\u00fcnstigten Zwecks Bei Aufl\u00f6sung des Vereins oder bei Wegfall steuerbeg\u00fcnstigter Zwecke f\u00e4llt das Verm\u00f6gen des Vereins an den DRK KreisverbandM\u00fclheim a.d. Ruhr e.V.L\u00f6hstr.1845468 M\u00fchlheim Telefon: +49 208 45006-0Fax: +49 208 45006-11 E-Mail: kv@drk-muelheim.de der es unmittelbar ausschlie\u00dflich f\u00fcr gemeinn\u00fctzige Zwecke zu verwenden hat.<\/p>","protected":false},"author":1,"featured_media":0,"parent":0,"menu_order":0,"comment_status":"closed","ping_status":"closed","template":"elementor_canvas","meta":{"footnotes":""},"class_list":["post-1277","page","type-page","status-publish","hentry"],"yoast_head":"<!-- This site is optimized with the Yoast SEO plugin v27.2 - https:\/\/yoast.com\/product\/yoast-seo-wordpress\/ -->\n<title>Satzung - Ein L\u00e4cheln f\u00fcr Ghana<\/title>\n<meta name=\"description\" content=\"Satzung: Zweck des Vereins ist die F\u00f6rderung der Jugend- und Altenhilfe und die F\u00f6rderung der Erziehung, Volks- und Berufsbildung in Kumasi.\" \/>\n<meta name=\"robots\" content=\"index, follow, max-snippet:-1, max-image-preview:large, max-video-preview:-1\" \/>\n<link rel=\"canonical\" href=\"https:\/\/ein-laecheln-fuer-ghana.de\/en\/satzung\/\" \/>\n<meta property=\"og:locale\" content=\"en_GB\" \/>\n<meta property=\"og:type\" content=\"article\" \/>\n<meta property=\"og:title\" content=\"Satzung - Ein L\u00e4cheln f\u00fcr Ghana\" \/>\n<meta property=\"og:description\" content=\"Satzung: Zweck des Vereins ist die F\u00f6rderung der Jugend- und Altenhilfe und die F\u00f6rderung der Erziehung, Volks- und Berufsbildung in Kumasi.\" \/>\n<meta property=\"og:url\" content=\"https:\/\/ein-laecheln-fuer-ghana.de\/en\/satzung\/\" \/>\n<meta property=\"og:site_name\" content=\"Ein L\u00e4cheln f\u00fcr Ghana\" \/>\n<meta property=\"article:modified_time\" content=\"2024-01-05T16:45:59+00:00\" \/>\n<meta name=\"twitter:card\" content=\"summary_large_image\" \/>\n<meta name=\"twitter:label1\" content=\"Estimated reading time\" \/>\n\t<meta name=\"twitter:data1\" content=\"4 minutes\" \/>\n<script type=\"application\/ld+json\" class=\"yoast-schema-graph\">{\"@context\":\"https:\/\/schema.org\",\"@graph\":[{\"@type\":\"WebPage\",\"@id\":\"https:\/\/ein-laecheln-fuer-ghana.de\/satzung\",\"url\":\"https:\/\/ein-laecheln-fuer-ghana.de\/satzung\",\"name\":\"Satzung - Ein L\u00e4cheln f\u00fcr Ghana\",\"isPartOf\":{\"@id\":\"https:\/\/ein-laecheln-fuer-ghana.de\/#website\"},\"datePublished\":\"2022-10-11T18:19:51+00:00\",\"dateModified\":\"2024-01-05T16:45:59+00:00\",\"description\":\"Satzung: Zweck des Vereins ist die F\u00f6rderung der Jugend- und Altenhilfe und die F\u00f6rderung der Erziehung, Volks- und Berufsbildung in Kumasi.\",\"breadcrumb\":{\"@id\":\"https:\/\/ein-laecheln-fuer-ghana.de\/satzung#breadcrumb\"},\"inLanguage\":\"en-GB\",\"potentialAction\":[{\"@type\":\"ReadAction\",\"target\":[\"https:\/\/ein-laecheln-fuer-ghana.de\/satzung\"]}]},{\"@type\":\"BreadcrumbList\",\"@id\":\"https:\/\/ein-laecheln-fuer-ghana.de\/satzung#breadcrumb\",\"itemListElement\":[{\"@type\":\"ListItem\",\"position\":1,\"name\":\"Startseite\",\"item\":\"https:\/\/ein-laecheln-fuer-ghana.de\/\"},{\"@type\":\"ListItem\",\"position\":2,\"name\":\"Satzung\"}]},{\"@type\":\"WebSite\",\"@id\":\"https:\/\/ein-laecheln-fuer-ghana.de\/#website\",\"url\":\"https:\/\/ein-laecheln-fuer-ghana.de\/\",\"name\":\"Ein L\u00e4cheln f\u00fcr Ghana\",\"description\":\"Unser Verein zur Unterst\u00fctzung von Kindern in Ghana\",\"publisher\":{\"@id\":\"https:\/\/ein-laecheln-fuer-ghana.de\/#organization\"},\"potentialAction\":[{\"@type\":\"SearchAction\",\"target\":{\"@type\":\"EntryPoint\",\"urlTemplate\":\"https:\/\/ein-laecheln-fuer-ghana.de\/?s={search_term_string}\"},\"query-input\":{\"@type\":\"PropertyValueSpecification\",\"valueRequired\":true,\"valueName\":\"search_term_string\"}}],\"inLanguage\":\"en-GB\"},{\"@type\":\"Organization\",\"@id\":\"https:\/\/ein-laecheln-fuer-ghana.de\/#organization\",\"name\":\"Ein L\u00e4cheln f\u00fcr Ghana\",\"url\":\"https:\/\/ein-laecheln-fuer-ghana.de\/\",\"logo\":{\"@type\":\"ImageObject\",\"inLanguage\":\"en-GB\",\"@id\":\"https:\/\/ein-laecheln-fuer-ghana.de\/#\/schema\/logo\/image\/\",\"url\":\"https:\/\/ein-laecheln-fuer-ghana.de\/wp-content\/uploads\/2022\/05\/cropped-Logo-ein-Laecheln-fuer-Ghana-4.jpg\",\"contentUrl\":\"https:\/\/ein-laecheln-fuer-ghana.de\/wp-content\/uploads\/2022\/05\/cropped-Logo-ein-Laecheln-fuer-Ghana-4.jpg\",\"width\":620,\"height\":450,\"caption\":\"Ein L\u00e4cheln f\u00fcr Ghana\"},\"image\":{\"@id\":\"https:\/\/ein-laecheln-fuer-ghana.de\/#\/schema\/logo\/image\/\"}}]}<\/script>\n<!-- \/ Yoast SEO plugin. -->","yoast_head_json":{"title":"Satzung - Ein L\u00e4cheln f\u00fcr Ghana","description":"Satzung: Zweck des Vereins ist die F\u00f6rderung der Jugend- und Altenhilfe und die F\u00f6rderung der Erziehung, Volks- und Berufsbildung in Kumasi.","robots":{"index":"index","follow":"follow","max-snippet":"max-snippet:-1","max-image-preview":"max-image-preview:large","max-video-preview":"max-video-preview:-1"},"canonical":"https:\/\/ein-laecheln-fuer-ghana.de\/en\/satzung\/","og_locale":"en_GB","og_type":"article","og_title":"Satzung - Ein L\u00e4cheln f\u00fcr Ghana","og_description":"Satzung: Zweck des Vereins ist die F\u00f6rderung der Jugend- und Altenhilfe und die F\u00f6rderung der Erziehung, Volks- und Berufsbildung in Kumasi.","og_url":"https:\/\/ein-laecheln-fuer-ghana.de\/en\/satzung\/","og_site_name":"Ein L\u00e4cheln f\u00fcr Ghana","article_modified_time":"2024-01-05T16:45:59+00:00","twitter_card":"summary_large_image","twitter_misc":{"Estimated reading time":"4 minutes"},"schema":{"@context":"https:\/\/schema.org","@graph":[{"@type":"WebPage","@id":"https:\/\/ein-laecheln-fuer-ghana.de\/satzung","url":"https:\/\/ein-laecheln-fuer-ghana.de\/satzung","name":"Satzung - Ein L\u00e4cheln f\u00fcr Ghana","isPartOf":{"@id":"https:\/\/ein-laecheln-fuer-ghana.de\/#website"},"datePublished":"2022-10-11T18:19:51+00:00","dateModified":"2024-01-05T16:45:59+00:00","description":"Satzung: Zweck des Vereins ist die F\u00f6rderung der Jugend- und Altenhilfe und die F\u00f6rderung der Erziehung, Volks- und Berufsbildung in Kumasi.","breadcrumb":{"@id":"https:\/\/ein-laecheln-fuer-ghana.de\/satzung#breadcrumb"},"inLanguage":"en-GB","potentialAction":[{"@type":"ReadAction","target":["https:\/\/ein-laecheln-fuer-ghana.de\/satzung"]}]},{"@type":"BreadcrumbList","@id":"https:\/\/ein-laecheln-fuer-ghana.de\/satzung#breadcrumb","itemListElement":[{"@type":"ListItem","position":1,"name":"Startseite","item":"https:\/\/ein-laecheln-fuer-ghana.de\/"},{"@type":"ListItem","position":2,"name":"Satzung"}]},{"@type":"WebSite","@id":"https:\/\/ein-laecheln-fuer-ghana.de\/#website","url":"https:\/\/ein-laecheln-fuer-ghana.de\/","name":"Ein L\u00e4cheln f\u00fcr Ghana","description":"Unser Verein zur Unterst\u00fctzung von Kindern in Ghana","publisher":{"@id":"https:\/\/ein-laecheln-fuer-ghana.de\/#organization"},"potentialAction":[{"@type":"SearchAction","target":{"@type":"EntryPoint","urlTemplate":"https:\/\/ein-laecheln-fuer-ghana.de\/?s={search_term_string}"},"query-input":{"@type":"PropertyValueSpecification","valueRequired":true,"valueName":"search_term_string"}}],"inLanguage":"en-GB"},{"@type":"Organization","@id":"https:\/\/ein-laecheln-fuer-ghana.de\/#organization","name":"Ein L\u00e4cheln f\u00fcr Ghana","url":"https:\/\/ein-laecheln-fuer-ghana.de\/","logo":{"@type":"ImageObject","inLanguage":"en-GB","@id":"https:\/\/ein-laecheln-fuer-ghana.de\/#\/schema\/logo\/image\/","url":"https:\/\/ein-laecheln-fuer-ghana.de\/wp-content\/uploads\/2022\/05\/cropped-Logo-ein-Laecheln-fuer-Ghana-4.jpg","contentUrl":"https:\/\/ein-laecheln-fuer-ghana.de\/wp-content\/uploads\/2022\/05\/cropped-Logo-ein-Laecheln-fuer-Ghana-4.jpg","width":620,"height":450,"caption":"Ein L\u00e4cheln f\u00fcr Ghana"},"image":{"@id":"https:\/\/ein-laecheln-fuer-ghana.de\/#\/schema\/logo\/image\/"}}]}},"_links":{"self":[{"href":"https:\/\/ein-laecheln-fuer-ghana.de\/en\/wp-json\/wp\/v2\/pages\/1277","targetHints":{"allow":["GET"]}}],"collection":[{"href":"https:\/\/ein-laecheln-fuer-ghana.de\/en\/wp-json\/wp\/v2\/pages"}],"about":[{"href":"https:\/\/ein-laecheln-fuer-ghana.de\/en\/wp-json\/wp\/v2\/types\/page"}],"author":[{"embeddable":true,"href":"https:\/\/ein-laecheln-fuer-ghana.de\/en\/wp-json\/wp\/v2\/users\/1"}],"replies":[{"embeddable":true,"href":"https:\/\/ein-laecheln-fuer-ghana.de\/en\/wp-json\/wp\/v2\/comments?post=1277"}],"version-history":[{"count":96,"href":"https:\/\/ein-laecheln-fuer-ghana.de\/en\/wp-json\/wp\/v2\/pages\/1277\/revisions"}],"predecessor-version":[{"id":3196,"href":"https:\/\/ein-laecheln-fuer-ghana.de\/en\/wp-json\/wp\/v2\/pages\/1277\/revisions\/3196"}],"wp:attachment":[{"href":"https:\/\/ein-laecheln-fuer-ghana.de\/en\/wp-json\/wp\/v2\/media?parent=1277"}],"curies":[{"name":"wp","href":"https:\/\/api.w.org\/{rel}","templated":true}]}}